{"id":163,"date":"2024-04-10T16:07:25","date_gmt":"2024-04-10T19:07:25","guid":{"rendered":"https:\/\/journal.com.br\/?page_id=163"},"modified":"2024-05-31T11:00:54","modified_gmt":"2024-05-31T14:00:54","slug":"cultura","status":"publish","type":"page","link":"https:\/\/journal.com.br\/en\/cultura\/","title":{"rendered":"Culture"},"content":{"rendered":"<div data-elementor-type=\"wp-page\" data-elementor-id=\"163\" class=\"elementor elementor-163\" data-elementor-post-type=\"page\">\n\t\t\t\t<div class=\"elementor-element elementor-element-aeccb18 e-flex e-con-boxed e-con e-parent\" data-id=\"aeccb18\" data-element_type=\"container\" data-settings=\"{&quot;background_background&quot;:&quot;classic&quot;}\" data-e-bg-lazyload=\"\" data-core-v316-plus=\"true\">\n\t\t\t\t\t<div class=\"e-con-inner\">\n\t\t<div class=\"elementor-element elementor-element-e909026 e-con-full e-flex e-con e-child\" data-id=\"e909026\" data-element_type=\"container\">\n\t\t\t\t<div class=\"elementor-element elementor-element-42c71de elementor-widget__width-initial elementor-pagination-position-outside elementor-widget elementor-widget-image-carousel\" data-id=\"42c71de\" data-element_type=\"widget\" data-settings=\"{&quot;slides_to_show&quot;:&quot;1&quot;,&quot;autoplay_speed&quot;:2000,&quot;speed&quot;:1000,&quot;navigation&quot;:&quot;dots&quot;,&quot;autoplay&quot;:&quot;yes&quot;,&quot;infinite&quot;:&quot;yes&quot;,&quot;effect&quot;:&quot;slide&quot;}\" data-widget_type=\"image-carousel.default\">\n\t\t\t\t<div class=\"elementor-widget-container\">\n\t\t\t<style>\/*! elementor - v3.20.0 - 26-03-2024 *\/\n.elementor-widget-image-carousel .swiper,.elementor-widget-image-carousel .swiper-container{position:static}.elementor-widget-image-carousel .swiper-container .swiper-slide figure,.elementor-widget-image-carousel .swiper .swiper-slide figure{line-height:inherit}.elementor-widget-image-carousel .swiper-slide{text-align:center}.elementor-image-carousel-wrapper:not(.swiper-container-initialized):not(.swiper-initialized) .swiper-slide{max-width:calc(100% \/ var(--e-image-carousel-slides-to-show, 3))}<\/style>\t\t<div class=\"elementor-image-carousel-wrapper swiper\" dir=\"ltr\">\n\t\t\t<div class=\"elementor-image-carousel swiper-wrapper swiper-image-stretch\" aria-live=\"off\">\n\t\t\t\t\t\t\t\t<div class=\"swiper-slide\" role=\"group\" aria-roledescription=\"slide\" aria-label=\"1 of 5\"><figure class=\"swiper-slide-inner\"><img decoding=\"async\" class=\"swiper-slide-image\" src=\"https:\/\/journal.com.br\/wp-content\/uploads\/2024\/04\/Exposicao-Casa-Warner_.jpg\" alt=\"Casa Warner, exposi\u00e7\u00e3o em comemora\u00e7\u00e3o aos 100 anos dos est\u00fadios Warner Bros. - S\u00e3o Paulo (2023).\" \/><figcaption class=\"elementor-image-carousel-caption\">Warner House,  Exhibition celebrating 100 years of Warner Bros studios. - Sao Paulo (2023).<\/figcaption><\/figure><\/div><div class=\"swiper-slide\" role=\"group\" aria-roledescription=\"slide\" aria-label=\"2 of 5\"><figure class=\"swiper-slide-inner\"><img decoding=\"async\" class=\"swiper-slide-image\" src=\"https:\/\/journal.com.br\/wp-content\/uploads\/2024\/04\/Livro-Esporte-com-Arte-Ayrton-Senna.jpg\" alt=\"\u201cEsporte com Arte - Ayrton Senna\u201d, lan\u00e7amento nacional do livro-agenda por Fred Rossi (2010).\" \/><figcaption class=\"elementor-image-carousel-caption\">\"Esporte com Arte - Ayrton Senna\u201d, diary book national launch by Fred Rossi (2010).<\/figcaption><\/figure><\/div><div class=\"swiper-slide\" role=\"group\" aria-roledescription=\"slide\" aria-label=\"3 of 5\"><figure class=\"swiper-slide-inner\"><img decoding=\"async\" class=\"swiper-slide-image\" src=\"https:\/\/journal.com.br\/wp-content\/uploads\/2024\/04\/Festival-Cururu-Siriri.jpg\" alt=\"Cururu  Siriri, festival de Cultura Popular pela Secretaria Municipal de Cultura e Turismo - Cuiab\u00e1 (2008 e 2009).\" \/><figcaption class=\"elementor-image-carousel-caption\">Cururu Siriri, popular culture festival by the Municipal Department of Culture and Tourism - Cuiab\u00e1 (2008 and 2009).<\/figcaption><\/figure><\/div><div class=\"swiper-slide\" role=\"group\" aria-roledescription=\"slide\" aria-label=\"4 of 5\"><figure class=\"swiper-slide-inner\"><img decoding=\"async\" class=\"swiper-slide-image\" src=\"https:\/\/journal.com.br\/wp-content\/uploads\/2024\/04\/CD-SIM-E-NAO-NANDO-REIS.jpeg\" alt=\"Nando Reis - &quot;Sim e N\u00e3o,  lan\u00e7amento nacional do CD pela Universal Music (2006).\" \/><figcaption class=\"elementor-image-carousel-caption\">Nando Reis - \"Sim e N\u00e3o\", CD national launch by Universal Music (2006).<\/figcaption><\/figure><\/div><div class=\"swiper-slide\" role=\"group\" aria-roledescription=\"slide\" aria-label=\"5 of 5\"><figure class=\"swiper-slide-inner\"><img decoding=\"async\" class=\"swiper-slide-image\" src=\"https:\/\/journal.com.br\/wp-content\/uploads\/2024\/04\/CD-INSTINTO-COLETIVO-O-RAPPA-.jpeg\" alt=\"O Rappa - &quot;Instinto Coletivo - Ao Vivo&quot;,  lan\u00e7amento nacional do CD pela Warner Music (2001).\" \/><figcaption class=\"elementor-image-carousel-caption\">O Rappa - \"Instinto Coletivo - Ao Vivo\",  lan\u00e7amento nacional do CD pela Warner Music (2001).<\/figcaption><\/figure><\/div>\t\t\t<\/div>\n\t\t\t\t\t\t\t\n\t\t\t\t\t\t\t\t\t<div class=\"swiper-pagination\"><\/div>\n\t\t\t\t\t\t\t\t\t<\/div>\n\t\t\t\t<\/div>\n\t\t\t\t<\/div>\n\t\t\t\t<\/div>\n\t\t\t\t\t<\/div>\n\t\t\t\t<\/div>\n\t\t<div class=\"elementor-element elementor-element-84a7d3b e-flex e-con-boxed e-con e-parent\" data-id=\"84a7d3b\" data-element_type=\"container\" data-settings=\"{&quot;background_background&quot;:&quot;classic&quot;}\" data-core-v316-plus=\"true\">\n\t\t\t\t\t<div class=\"e-con-inner\">\n\t\t\t\t<div class=\"elementor-element elementor-element-218940c elementor-widget-tablet__width-initial elementor-widget-mobile__width-inherit elementor-widget elementor-widget-heading\" data-id=\"218940c\" data-element_type=\"widget\" data-widget_type=\"heading.default\">\n\t\t\t\t<div class=\"elementor-widget-container\">\n\t\t\t<style>\/*! elementor - v3.20.0 - 26-03-2024 *\/\n.elementor-heading-title{padding:0;margin:0;line-height:1}.elementor-widget-heading .elementor-heading-title[class*=elementor-size-]>a{color:inherit;font-size:inherit;line-height:inherit}.elementor-widget-heading .elementor-heading-title.elementor-size-small{font-size:15px}.elementor-widget-heading .elementor-heading-title.elementor-size-medium{font-size:19px}.elementor-widget-heading .elementor-heading-title.elementor-size-large{font-size:29px}.elementor-widget-heading .elementor-heading-title.elementor-size-xl{font-size:39px}.elementor-widget-heading .elementor-heading-title.elementor-size-xxl{font-size:59px}<\/style><h2 class=\"elementor-heading-title elementor-size-default\">Other projects<\/h2>\t\t<\/div>\n\t\t\t\t<\/div>\n\t\t\t\t<div class=\"elementor-element elementor-element-ba072c9 elementor-widget__width-initial elementor-widget-tablet__width-inherit elementor-widget elementor-widget-text-editor\" data-id=\"ba072c9\" data-element_type=\"widget\" data-widget_type=\"text-editor.default\">\n\t\t\t\t<div class=\"elementor-widget-container\">\n\t\t\t<style>\/*! elementor - v3.20.0 - 26-03-2024 *\/\n.elementor-widget-text-editor.elementor-drop-cap-view-stacked .elementor-drop-cap{background-color:#69727d;color:#fff}.elementor-widget-text-editor.elementor-drop-cap-view-framed .elementor-drop-cap{color:#69727d;border:3px solid;background-color:transparent}.elementor-widget-text-editor:not(.elementor-drop-cap-view-default) .elementor-drop-cap{margin-top:8px}.elementor-widget-text-editor:not(.elementor-drop-cap-view-default) .elementor-drop-cap-letter{width:1em;height:1em}.elementor-widget-text-editor .elementor-drop-cap{float:left;text-align:center;line-height:1;font-size:50px}.elementor-widget-text-editor .elementor-drop-cap-letter{display:inline-block}<\/style>\t\t\t\t<ul><li style=\"font-weight: 400;\"><b>Pavilh\u00e3o 9 - \"Antes Durante Depois\"<\/b>, CD national launch by Deckdisc (2017);<\/li><li style=\"font-weight: 400;\"><b>\"Africa - A Visit To Remember\"<\/b>, book national launch by Alexandre Soares (2015);<\/li><li style=\"font-weight: 400;\"><b>\"Brasiler\u00f4\u201d<\/b>, photo exhibition by Marcos Hermes - S\u00e3o Paulo (2015);<\/li><li style=\"font-weight: 400;\"><b>Adam Franzino<\/b>, New York photographer (2013);<\/li><li style=\"font-weight: 400;\"><b>\"Anota\u00e7\u00f5es com Arte - Adoniran Barbosa\"<\/b> (2010), <b>\"Anota\u00e7\u00f5es com Arte - Tom Jobim\"<\/b> (2007) e<b> \"Anota\u00e7\u00f5es com Arte \u2013 Chico Buarque\" <\/b>(2005), diary books national  launches by Fred Rossi;<\/li><li style=\"font-weight: 400;\"><b>1st Forest, Book and Reading Biennial<\/b>, by the State Department of Culture - Rio Branco (2009);<\/li><li style=\"font-weight: 400;\"><b>\"A Monday Couple\"<\/b>, theatrical play with Marcelo Mansfield and Angela Dip - Sao Paulo (2007 to 2009);<\/li><li style=\"font-weight: 400;\"><b>Paula Lima - \"Sinceramente\"<\/b>, CD national launch<\/li><li style=\"font-weight: 400;\">by Warner Music (2006);<\/li><li style=\"font-weight: 400;\"><b>Angra - \"Aurora Consurgens\"<\/b>, CD national launch by Paradoxx Music (2006);<\/li><li style=\"font-weight: 400;\"><b>Daniel - \"Meu Reino Encantado II\"<\/b>, CD national launch by Warner Music (2004);<\/li><li style=\"font-weight: 400;\"><b>Os Travessos - \"Dito e Feito\"<\/b>, CD national launch by  Warner Music (2003);<\/li><li style=\"font-weight: 400;\"><b>Nenhum de N\u00f3s - \"Ao Vivo Ac\u00fastico II\"<\/b>, CD national launch by Paradoxx Music (2003);<\/li><li style=\"font-weight: 400;\"><b>Almir Guineto - \u201cTodos os Pagodes\u201d<\/b>, CD national launch by Paradoxx Music (2002);<\/li><li style=\"font-weight: 400;\"><b>Gerson King Combo - \"O Mensageiro da Paz\"<\/b>, CD national launch by Warner Music (2001);<\/li><li style=\"font-weight: 400;\"><b>San Gennaro<\/b>, Italian party - Sao Paulo (2001 to 2008).<\/li><\/ul>\t\t\t\t\t\t<\/div>\n\t\t\t\t<\/div>\n\t\t\t\t\t<\/div>\n\t\t\t\t<\/div>\n\t\t\t\t<\/div>","protected":false},"excerpt":{"rendered":"<p>Casa Warner, exposi\u00e7\u00e3o em comemora\u00e7\u00e3o aos 100 anos dos est\u00fadios Warner Bros. &#8211; S\u00e3o Paulo (2023). \u201cEsporte com Arte &#8211; Ayrton Senna\u201d, lan\u00e7amento nacional do livro-agenda por Fred Rossi (2010). Cururu Siriri, festival de Cultura Popular pela Secretaria Municipal de Cultura e Turismo &#8211; Cuiab\u00e1 (2008 e 2009). Nando Reis &#8211; &#8220;Sim e N\u00e3o, lan\u00e7amento [&hellip;]<\/p>","protected":false},"author":1,"featured_media":0,"parent":0,"menu_order":0,"comment_status":"closed","ping_status":"closed","template":"elementor_header_footer","meta":{"footnotes":""},"_links":{"self":[{"href":"https:\/\/journal.com.br\/en\/wp-json\/wp\/v2\/pages\/163"}],"collection":[{"href":"https:\/\/journal.com.br\/en\/wp-json\/wp\/v2\/pages"}],"about":[{"href":"https:\/\/journal.com.br\/en\/wp-json\/wp\/v2\/types\/page"}],"author":[{"embeddable":true,"href":"https:\/\/journal.com.br\/en\/wp-json\/wp\/v2\/users\/1"}],"replies":[{"embeddable":true,"href":"https:\/\/journal.com.br\/en\/wp-json\/wp\/v2\/comments?post=163"}],"version-history":[{"count":0,"href":"https:\/\/journal.com.br\/en\/wp-json\/wp\/v2\/pages\/163\/revisions"}],"wp:attachment":[{"href":"https:\/\/journal.com.br\/en\/wp-json\/wp\/v2\/media?parent=163"}],"curies":[{"name":"wp","href":"https:\/\/api.w.org\/{rel}","templated":true}]}}